{"id":6024,"date":"2024-04-15T23:14:14","date_gmt":"2024-04-15T21:14:14","guid":{"rendered":"https:\/\/soycubano.si\/?page_id=6024"},"modified":"2026-08-24T23:22:42","modified_gmt":"2026-08-24T21:22:42","slug":"eventi-latino","status":"publish","type":"page","link":"https:\/\/soycubano.si\/it\/eventi-latino\/","title":{"rendered":"Eventi latino a Capodistria, Sesana e dintorni"},"content":{"rendered":"\t\t<div data-elementor-type=\"wp-page\" data-elementor-id=\"6024\" class=\"elementor elementor-6024 elementor-144\" data-elementor-post-type=\"page\">\n\t\t\t\t<div class=\"elementor-element elementor-element-922d208 e-flex e-con-boxed e-con e-parent\" data-id=\"922d208\" data-element_type=\"container\" data-e-type=\"container\">\n\t\t\t\t\t<div class=\"e-con-inner\">\n\t\t\r\n\r\n\r\n\r\n\t\t<div class=\"elementor-element elementor-element-eventon elementor-widget elementor-widget-EventON\" data-id=\"eventon\" data-element_type=\"widget\" data-e-type=\"widget\" data-widget_type=\"EventON.default\">\n\t\t\t\t<div class=\"elementor-widget-container\">\n\t\t\t\t\t<!-- EventON Calendar --><div id='evcal_calendar_344' class='list_cal ajde_evcal_calendar sev cev color esty_2 ul etttc_custom ' data-cal=''><div id='evcal_head' class='calendar_header ' ><div class='evo_cal_above evodfx evofx_dr_r marb5 evofx_ww'><button class='cal_head_btn evo-sort-btn' aria-label='Sort'><div class='evo_header_drop_menu eventon_sort_line'><p data-val='sort_date' data-type='date' class='evs_btn evo_sort_option evs_hide select' >Date<\/p><p data-val='sort_color' data-type='color' class='evs_btn evo_sort_option ' >Colore<\/p><p data-val='sort_posted' data-type='posted' class='evs_btn evo_sort_option ' >Post Date<\/p><\/div><\/button><button class='cal_head_btn evo-gototoday-btn' style='' data-mo='9' data-yr='2026' data-dy='' aria-label='Go to today'>Current Month<\/button><\/div><div class='evo_cal_above_content'><\/div><div class='evo_header_title '><\/div><\/div><div class='evo_filter_bar evo_main_filter_bar eventon_sorting_section '><div class='evo_filter_container evodfx evo_fx_ai_c'><div class='evo_filter_container_in'><div class='eventon_filter_line' ><div class='evo_loading_bar_holder h100 loading_filters swipe' style='min-height:30px;'><div class='nesthold r g10'><div class='evo_loading_bar wid_100% hi_30px' style='width:100%; height:30px; margin-bottom:1px;'><\/div><div class='evo_loading_bar wid_100% hi_30px' style='width:100%; height:30px; margin-bottom:1px;'><\/div><div class='evo_loading_bar wid_100% hi_30px' style='width:100%; height:30px; margin-bottom:1px;'><\/div><div class='evo_loading_bar wid_100% hi_30px' style='width:100%; height:30px; margin-bottom:1px;'><\/div><div class='evo_loading_bar wid_100% hi_30px' style='width:100%; height:30px; margin-bottom:1px;'><\/div><\/div><\/div><\/div><\/div><div class='evo_filter_nav evo_filter_l'><i class='fa fa-chevron-left'><\/i><\/div><div class='evo_filter_nav evo_filter_r'><i class='fa fa-chevron-right'><\/i><\/div><\/div><div class='evo_filter_aply_btns'><\/div><div class='evo_filter_menu'><\/div><\/div><div id='eventon_loadbar_section'><div id='eventon_loadbar'><\/div><\/div><!-- Events List --><div class='evo_events_list_box'><div id='evcal_list' class='eventon_events_list sep_months evcal_list_month'><div class='evcal_month_line' data-d='eml_10_2026' data-su='1790805600'><p>ottobre<\/p><\/div><div class='sep_month_events ' data-d='eml_10_2026' data-range='1790805600_1793487599'><div id=\"event_12005_0\" class=\"eventon_list_event evo_eventtop scheduled  event clrD no_et event_12005_0\" data-event_id=\"12005\" data-ri=\"0r\" data-time=\"1791054000-1791064740\" data-colr=\"#f21111\" ><div class=\"evo_event_schema\" style=\"display:none\" ><a href=\"https:\/\/soycubano.si\/it\/events\/serata-latina-sesana-salsa-bachata-club-sofia-sesana\/var\/ri-0.l-L2\"><\/a><\/div>\r\n\t\t\t\t<p class=\"desc_trig_outter\" style=\"\"><a data-gmtrig=\"1\" data-exlk=\"0\" style=\"background-color: #f21111;background-image: linear-gradient(90deg, #008afa 0%, #f21111 100%);\" id=\"evc_179105400012005\" href=\"https:\/\/soycubano.si\/it\/events\/serata-latina-sesana-salsa-bachata-club-sofia-sesana\/var\/ri-0.l-L2\" class=\"event_repeat desc_trig evo_altri-eventi evo_serate-di-ballo-capodistria evo_serate-di-ballo-ed-eventi evo_serate-di-ballo-sesana sin_val evcal_list_a\" data-ux_val=\"2\" data-ux_val_mob=\"-\"  ><span class='evoet_c0 evoet_cx '><span class='evoet_dayblock evcal_cblock ' data-bgcolor='#f21111' data-smon='ottobre' data-syr='2026' data-bub=''><span class='evo_start  evofxdrc'><em class='day'>sab<\/em><em class='date'>03<\/em><em class='month'>ott<\/em><em class='time'>21:00<\/em><\/span><\/span><span class='evoet_title evcal_desc2 evcal_event_title ' itemprop='name'>Serata latina Sesana &#8220;Salsa &#038; Bachata&#8221; \u2013 Club Sofia, Sesana<\/span><span class='event_location_attrs'  data-location_address=\"Partizanska c. 123, 6210 Se\u017eana\" data-location_type=\"lonlat\" data-location_name=\"Sofia Dance Club se\u017eana\" data-location_url=\"https:\/\/soycubano.si\/it\/event-location\/sofia-dance-club-sezana-it\/\" data-location_status=\"true\" data-locid=\"172\" data-latlng=\"45.70020424638751,13.846463521581173\"><\/span><\/span><span class='evoet_c1 evoet_cx '><span class='evcal_oganizer level_4'>\n\t\t\t\t\t\t<em><i>Organizzatore<\/i><\/em><em class=\"evoet_dataval evolb_trigger\" data-lbvals=\"{&quot;lbc&quot;:&quot;evo_organizer_lb_148&quot;,&quot;t&quot;:&quot;Staff di Soy Cubano&quot;,&quot;ajax&quot;:&quot;yes&quot;,&quot;ajax_type&quot;:&quot;endpoint&quot;,&quot;ajax_action&quot;:&quot;eventon_get_tax_card_content&quot;,&quot;end&quot;:&quot;client&quot;,&quot;d&quot;:{&quot;eventid&quot;:12005,&quot;ri&quot;:0,&quot;term_id&quot;:148,&quot;tax&quot;:&quot;event_organizer&quot;,&quot;load_lbcontent&quot;:true}}\" >Staff di Soy Cubano<\/em><\/span><\/span><span class='evoet_c2 evoet_cx '><span class='evoet_cy evoet_time_expand level_3'><em class='evcal_time evo_tz_time'><i class='fa fa-clock-o'><\/i>21:00<span class='evo_tz marl5'>(GMT+02:00)<\/span><\/em> <\/span><\/span><span class='evoet_c3 evoet_cx evcal_desc'><span class='evoet_location level_3'><em class=\"evcal_location\"  data-latlng=\"45.70020424638751,13.846463521581173\" data-add_str=\"Partizanska c. 123, 6210 Se\u017eana\" data-n=\"Sofia Dance Club se\u017eana\"><i class=\"fa fa-location-pin\"><\/i><em class=\"event_location_name\">Sofia Dance Club se\u017eana<\/em>, Partizanska c. 123, 6210 Se\u017eana<\/em><\/span><\/span><span class='evoet_c4 evoet_cx '><span class='evoet_eventtypes level_4 evcal_event_types ett4'><em><i>Tipo di evento<\/i><\/em><em data-filter='event_type' data-v='Altri eventi' data-id='171' class='evoetet_val evoet_dataval'>Altri eventi,<\/em><em data-filter='event_type' data-v='Serate di ballo Capodistria' data-id='168' class='evoetet_val evoet_dataval'>Serate di ballo Capodistria,<\/em><em data-filter='event_type' data-v='Serate di ballo ed eventi' data-id='167' class='evoetet_val evoet_dataval'>Serate di ballo ed eventi,<\/em><em data-filter='event_type' data-v='Serate di ballo Sesana' data-id='149' class='evoetet_val evoet_dataval'>Serate di ballo Sesana<\/em><\/span><\/span><span class='evoet_data' data-d=\"{&quot;loc.n&quot;:&quot;Sofia Dance Club se\\u017eana&quot;,&quot;orgs&quot;:{&quot;148&quot;:&quot;Staff di Soy Cubano&quot;},&quot;tags&quot;:{&quot;repeating&quot;:&quot;Repeating Event&quot;}}\" data-bgc=\"#f21111\" data-bggrad=\"linear-gradient(90deg, #008afa 0%, #f21111 100%)\" ><\/span><\/a><\/p><div class='clear end'><\/div><\/div><\/div><div class='evcal_month_line' data-d='eml_11_2026' data-su='1793487600'><p>novembre<\/p><\/div><div class='sep_month_events ' data-d='eml_11_2026' data-range='1793487600_1796079599'><div id=\"event_12005_1\" class=\"eventon_list_event evo_eventtop scheduled  event clrD no_et event_12005_1\" data-event_id=\"12005\" data-ri=\"1r\" data-time=\"1794686400-1794697140\" data-colr=\"#f21111\" ><div class=\"evo_event_schema\" style=\"display:none\" ><a href=\"https:\/\/soycubano.si\/it\/events\/serata-latina-sesana-salsa-bachata-club-sofia-sesana\/var\/ri-1.l-L2\"><\/a><\/div>\r\n\t\t\t\t<p class=\"desc_trig_outter\" style=\"\"><a data-gmtrig=\"1\" data-exlk=\"0\" style=\"background-color: #f21111;background-image: linear-gradient(90deg, #008afa 0%, #f21111 100%);\" id=\"evc_179468640012005\" href=\"https:\/\/soycubano.si\/it\/events\/serata-latina-sesana-salsa-bachata-club-sofia-sesana\/var\/ri-1.l-L2\" class=\"event_repeat desc_trig evo_altri-eventi evo_serate-di-ballo-capodistria evo_serate-di-ballo-ed-eventi evo_serate-di-ballo-sesana sin_val evcal_list_a\" data-ux_val=\"2\" data-ux_val_mob=\"-\"  ><span class='evoet_c0 evoet_cx '><span class='evoet_dayblock evcal_cblock ' data-bgcolor='#f21111' data-smon='novembre' data-syr='2026' data-bub=''><span class='evo_start  evofxdrc'><em class='day'>sab<\/em><em class='date'>14<\/em><em class='month'>nov<\/em><em class='time'>21:00<\/em><\/span><\/span><span class='evoet_title evcal_desc2 evcal_event_title ' itemprop='name'>Serata latina Sesana &#8220;Salsa &#038; Bachata&#8221; \u2013 Club Sofia, Sesana<\/span><span class='event_location_attrs'  data-location_address=\"Partizanska c. 123, 6210 Se\u017eana\" data-location_type=\"lonlat\" data-location_name=\"Sofia Dance Club se\u017eana\" data-location_url=\"https:\/\/soycubano.si\/it\/event-location\/sofia-dance-club-sezana-it\/\" data-location_status=\"true\" data-locid=\"172\" data-latlng=\"45.70020424638751,13.846463521581173\"><\/span><\/span><span class='evoet_c1 evoet_cx '><span class='evcal_oganizer level_4'>\n\t\t\t\t\t\t<em><i>Organizzatore<\/i><\/em><em class=\"evoet_dataval evolb_trigger\" data-lbvals=\"{&quot;lbc&quot;:&quot;evo_organizer_lb_148&quot;,&quot;t&quot;:&quot;Staff di Soy Cubano&quot;,&quot;ajax&quot;:&quot;yes&quot;,&quot;ajax_type&quot;:&quot;endpoint&quot;,&quot;ajax_action&quot;:&quot;eventon_get_tax_card_content&quot;,&quot;end&quot;:&quot;client&quot;,&quot;d&quot;:{&quot;eventid&quot;:12005,&quot;ri&quot;:1,&quot;term_id&quot;:148,&quot;tax&quot;:&quot;event_organizer&quot;,&quot;load_lbcontent&quot;:true}}\" >Staff di Soy Cubano<\/em><\/span><\/span><span class='evoet_c2 evoet_cx '><span class='evoet_cy evoet_time_expand level_3'><em class='evcal_time evo_tz_time'><i class='fa fa-clock-o'><\/i>21:00<span class='evo_tz marl5'>(GMT+01:00)<\/span><\/em> <\/span><\/span><span class='evoet_c3 evoet_cx evcal_desc'><span class='evoet_location level_3'><em class=\"evcal_location\"  data-latlng=\"45.70020424638751,13.846463521581173\" data-add_str=\"Partizanska c. 123, 6210 Se\u017eana\" data-n=\"Sofia Dance Club se\u017eana\"><i class=\"fa fa-location-pin\"><\/i><em class=\"event_location_name\">Sofia Dance Club se\u017eana<\/em>, Partizanska c. 123, 6210 Se\u017eana<\/em><\/span><\/span><span class='evoet_c4 evoet_cx '><span class='evoet_eventtypes level_4 evcal_event_types ett4'><em><i>Tipo di evento<\/i><\/em><em data-filter='event_type' data-v='Altri eventi' data-id='171' class='evoetet_val evoet_dataval'>Altri eventi,<\/em><em data-filter='event_type' data-v='Serate di ballo Capodistria' data-id='168' class='evoetet_val evoet_dataval'>Serate di ballo Capodistria,<\/em><em data-filter='event_type' data-v='Serate di ballo ed eventi' data-id='167' class='evoetet_val evoet_dataval'>Serate di ballo ed eventi,<\/em><em data-filter='event_type' data-v='Serate di ballo Sesana' data-id='149' class='evoetet_val evoet_dataval'>Serate di ballo Sesana<\/em><\/span><\/span><span class='evoet_data' data-d=\"{&quot;loc.n&quot;:&quot;Sofia Dance Club se\\u017eana&quot;,&quot;orgs&quot;:{&quot;148&quot;:&quot;Staff di Soy Cubano&quot;},&quot;tags&quot;:{&quot;repeating&quot;:&quot;Repeating Event&quot;}}\" data-bgc=\"#f21111\" data-bggrad=\"linear-gradient(90deg, #008afa 0%, #f21111 100%)\" ><\/span><\/a><\/p><div class='clear end'><\/div><\/div><\/div><div class='evcal_month_line' data-d='eml_12_2026' data-su='1796079600'><p>dicembre<\/p><\/div><div class='sep_month_events ' data-d='eml_12_2026' data-range='1796079600_1798757999'><div id=\"event_12005_2\" class=\"eventon_list_event evo_eventtop scheduled  event clrD no_et event_12005_2\" data-event_id=\"12005\" data-ri=\"2r\" data-time=\"1797710400-1797721140\" data-colr=\"#f21111\" ><div class=\"evo_event_schema\" style=\"display:none\" ><a href=\"https:\/\/soycubano.si\/it\/events\/serata-latina-sesana-salsa-bachata-club-sofia-sesana\/var\/ri-2.l-L2\"><\/a><\/div>\r\n\t\t\t\t<p class=\"desc_trig_outter\" style=\"\"><a data-gmtrig=\"1\" data-exlk=\"0\" style=\"background-color: #f21111;background-image: linear-gradient(90deg, #008afa 0%, #f21111 100%);\" id=\"evc_179771040012005\" href=\"https:\/\/soycubano.si\/it\/events\/serata-latina-sesana-salsa-bachata-club-sofia-sesana\/var\/ri-2.l-L2\" class=\"event_repeat desc_trig evo_altri-eventi evo_serate-di-ballo-capodistria evo_serate-di-ballo-ed-eventi evo_serate-di-ballo-sesana sin_val evcal_list_a\" data-ux_val=\"2\" data-ux_val_mob=\"-\"  ><span class='evoet_c0 evoet_cx '><span class='evoet_dayblock evcal_cblock ' data-bgcolor='#f21111' data-smon='dicembre' data-syr='2026' data-bub=''><span class='evo_start  evofxdrc'><em class='day'>sab<\/em><em class='date'>19<\/em><em class='month'>dic<\/em><em class='time'>21:00<\/em><\/span><\/span><span class='evoet_title evcal_desc2 evcal_event_title ' itemprop='name'>Serata latina Sesana &#8220;Salsa &#038; Bachata&#8221; \u2013 Club Sofia, Sesana<\/span><span class='event_location_attrs'  data-location_address=\"Partizanska c. 123, 6210 Se\u017eana\" data-location_type=\"lonlat\" data-location_name=\"Sofia Dance Club se\u017eana\" data-location_url=\"https:\/\/soycubano.si\/it\/event-location\/sofia-dance-club-sezana-it\/\" data-location_status=\"true\" data-locid=\"172\" data-latlng=\"45.70020424638751,13.846463521581173\"><\/span><\/span><span class='evoet_c1 evoet_cx '><span class='evcal_oganizer level_4'>\n\t\t\t\t\t\t<em><i>Organizzatore<\/i><\/em><em class=\"evoet_dataval evolb_trigger\" data-lbvals=\"{&quot;lbc&quot;:&quot;evo_organizer_lb_148&quot;,&quot;t&quot;:&quot;Staff di Soy Cubano&quot;,&quot;ajax&quot;:&quot;yes&quot;,&quot;ajax_type&quot;:&quot;endpoint&quot;,&quot;ajax_action&quot;:&quot;eventon_get_tax_card_content&quot;,&quot;end&quot;:&quot;client&quot;,&quot;d&quot;:{&quot;eventid&quot;:12005,&quot;ri&quot;:2,&quot;term_id&quot;:148,&quot;tax&quot;:&quot;event_organizer&quot;,&quot;load_lbcontent&quot;:true}}\" >Staff di Soy Cubano<\/em><\/span><\/span><span class='evoet_c2 evoet_cx '><span class='evoet_cy evoet_time_expand level_3'><em class='evcal_time evo_tz_time'><i class='fa fa-clock-o'><\/i>21:00<span class='evo_tz marl5'>(GMT+01:00)<\/span><\/em> <\/span><\/span><span class='evoet_c3 evoet_cx evcal_desc'><span class='evoet_location level_3'><em class=\"evcal_location\"  data-latlng=\"45.70020424638751,13.846463521581173\" data-add_str=\"Partizanska c. 123, 6210 Se\u017eana\" data-n=\"Sofia Dance Club se\u017eana\"><i class=\"fa fa-location-pin\"><\/i><em class=\"event_location_name\">Sofia Dance Club se\u017eana<\/em>, Partizanska c. 123, 6210 Se\u017eana<\/em><\/span><\/span><span class='evoet_c4 evoet_cx '><span class='evoet_eventtypes level_4 evcal_event_types ett4'><em><i>Tipo di evento<\/i><\/em><em data-filter='event_type' data-v='Altri eventi' data-id='171' class='evoetet_val evoet_dataval'>Altri eventi,<\/em><em data-filter='event_type' data-v='Serate di ballo Capodistria' data-id='168' class='evoetet_val evoet_dataval'>Serate di ballo Capodistria,<\/em><em data-filter='event_type' data-v='Serate di ballo ed eventi' data-id='167' class='evoetet_val evoet_dataval'>Serate di ballo ed eventi,<\/em><em data-filter='event_type' data-v='Serate di ballo Sesana' data-id='149' class='evoetet_val evoet_dataval'>Serate di ballo Sesana<\/em><\/span><\/span><span class='evoet_data' data-d=\"{&quot;loc.n&quot;:&quot;Sofia Dance Club se\\u017eana&quot;,&quot;orgs&quot;:{&quot;148&quot;:&quot;Staff di Soy Cubano&quot;},&quot;tags&quot;:{&quot;repeating&quot;:&quot;Repeating Event&quot;}}\" data-bgc=\"#f21111\" data-bggrad=\"linear-gradient(90deg, #008afa 0%, #f21111 100%)\" ><\/span><\/a><\/p><div class='clear end'><\/div><\/div><\/div><div class='evcal_month_line' data-d='eml_1_2027' data-su='1798758000'><p>gennaio<\/p><\/div><div class='sep_month_events ' data-d='eml_1_2027' data-range='1798758000_1801436399'><div id=\"event_12005_3\" class=\"eventon_list_event evo_eventtop scheduled  event clrD no_et event_12005_3\" data-event_id=\"12005\" data-ri=\"3r\" data-time=\"1800129600-1800140340\" data-colr=\"#f21111\" ><div class=\"evo_event_schema\" style=\"display:none\" ><a href=\"https:\/\/soycubano.si\/it\/events\/serata-latina-sesana-salsa-bachata-club-sofia-sesana\/var\/ri-3.l-L2\"><\/a><\/div>\r\n\t\t\t\t<p class=\"desc_trig_outter\" style=\"\"><a data-gmtrig=\"1\" data-exlk=\"0\" style=\"background-color: #f21111;background-image: linear-gradient(90deg, #008afa 0%, #f21111 100%);\" id=\"evc_180012960012005\" href=\"https:\/\/soycubano.si\/it\/events\/serata-latina-sesana-salsa-bachata-club-sofia-sesana\/var\/ri-3.l-L2\" class=\"event_repeat desc_trig evo_altri-eventi evo_serate-di-ballo-capodistria evo_serate-di-ballo-ed-eventi evo_serate-di-ballo-sesana sin_val evcal_list_a\" data-ux_val=\"2\" data-ux_val_mob=\"-\"  ><span class='evoet_c0 evoet_cx '><span class='evoet_dayblock evcal_cblock ' data-bgcolor='#f21111' data-smon='gennaio' data-syr='2027' data-bub=''><span class='evo_start  evofxdrc'><em class='day'>sab<\/em><em class='date'>16<\/em><em class='month'>gen<\/em><em class='time'>21:00<\/em><\/span><\/span><span class='evoet_title evcal_desc2 evcal_event_title ' itemprop='name'>Serata latina Sesana &#8220;Salsa &#038; Bachata&#8221; \u2013 Club Sofia, Sesana<\/span><span class='event_location_attrs'  data-location_address=\"Partizanska c. 123, 6210 Se\u017eana\" data-location_type=\"lonlat\" data-location_name=\"Sofia Dance Club se\u017eana\" data-location_url=\"https:\/\/soycubano.si\/it\/event-location\/sofia-dance-club-sezana-it\/\" data-location_status=\"true\" data-locid=\"172\" data-latlng=\"45.70020424638751,13.846463521581173\"><\/span><\/span><span class='evoet_c1 evoet_cx '><span class='evcal_oganizer level_4'>\n\t\t\t\t\t\t<em><i>Organizzatore<\/i><\/em><em class=\"evoet_dataval evolb_trigger\" data-lbvals=\"{&quot;lbc&quot;:&quot;evo_organizer_lb_148&quot;,&quot;t&quot;:&quot;Staff di Soy Cubano&quot;,&quot;ajax&quot;:&quot;yes&quot;,&quot;ajax_type&quot;:&quot;endpoint&quot;,&quot;ajax_action&quot;:&quot;eventon_get_tax_card_content&quot;,&quot;end&quot;:&quot;client&quot;,&quot;d&quot;:{&quot;eventid&quot;:12005,&quot;ri&quot;:3,&quot;term_id&quot;:148,&quot;tax&quot;:&quot;event_organizer&quot;,&quot;load_lbcontent&quot;:true}}\" >Staff di Soy Cubano<\/em><\/span><\/span><span class='evoet_c2 evoet_cx '><span class='evoet_cy evoet_time_expand level_3'><em class='evcal_time evo_tz_time'><i class='fa fa-clock-o'><\/i>21:00<span class='evo_tz marl5'>(GMT+01:00)<\/span><\/em> <\/span><\/span><span class='evoet_c3 evoet_cx evcal_desc'><span class='evoet_location level_3'><em class=\"evcal_location\"  data-latlng=\"45.70020424638751,13.846463521581173\" data-add_str=\"Partizanska c. 123, 6210 Se\u017eana\" data-n=\"Sofia Dance Club se\u017eana\"><i class=\"fa fa-location-pin\"><\/i><em class=\"event_location_name\">Sofia Dance Club se\u017eana<\/em>, Partizanska c. 123, 6210 Se\u017eana<\/em><\/span><\/span><span class='evoet_c4 evoet_cx '><span class='evoet_eventtypes level_4 evcal_event_types ett4'><em><i>Tipo di evento<\/i><\/em><em data-filter='event_type' data-v='Altri eventi' data-id='171' class='evoetet_val evoet_dataval'>Altri eventi,<\/em><em data-filter='event_type' data-v='Serate di ballo Capodistria' data-id='168' class='evoetet_val evoet_dataval'>Serate di ballo Capodistria,<\/em><em data-filter='event_type' data-v='Serate di ballo ed eventi' data-id='167' class='evoetet_val evoet_dataval'>Serate di ballo ed eventi,<\/em><em data-filter='event_type' data-v='Serate di ballo Sesana' data-id='149' class='evoetet_val evoet_dataval'>Serate di ballo Sesana<\/em><\/span><\/span><span class='evoet_data' data-d=\"{&quot;loc.n&quot;:&quot;Sofia Dance Club se\\u017eana&quot;,&quot;orgs&quot;:{&quot;148&quot;:&quot;Staff di Soy Cubano&quot;},&quot;tags&quot;:{&quot;repeating&quot;:&quot;Repeating Event&quot;}}\" data-bgc=\"#f21111\" data-bggrad=\"linear-gradient(90deg, #008afa 0%, #f21111 100%)\" ><\/span><\/a><\/p><div class='clear end'><\/div><\/div><\/div>\t\t\t<\/div>\r\n\t\t\t<\/div><!-- evo_events_list_box -->\t\r\n\t\t\t<div class='clear'><\/div>\r\n\t\t\t\t\t \t<div id='evcal_footer' class='evo_bottom' style='display:none'>\r\n\t\t \t\t<div class='evo_cal_data' data-sc=\"{&quot;accord&quot;:&quot;no&quot;,&quot;bottom_nav&quot;:&quot;no&quot;,&quot;cal_id&quot;:&quot;&quot;,&quot;cal_init_nonajax&quot;:&quot;no&quot;,&quot;calendar_type&quot;:&quot;list&quot;,&quot;ep_fields&quot;:&quot;&quot;,&quot;etc_override&quot;:&quot;no&quot;,&quot;evc_open&quot;:&quot;no&quot;,&quot;event_count&quot;:0,&quot;event_location&quot;:&quot;all&quot;,&quot;event_order&quot;:&quot;ASC&quot;,&quot;event_organizer&quot;:&quot;all&quot;,&quot;event_parts&quot;:&quot;no&quot;,&quot;event_past_future&quot;:&quot;all&quot;,&quot;event_status&quot;:&quot;all&quot;,&quot;event_tag&quot;:&quot;all&quot;,&quot;event_type&quot;:&quot;all&quot;,&quot;event_type_2&quot;:&quot;all&quot;,&quot;event_virtual&quot;:&quot;all&quot;,&quot;eventtop_date_style&quot;:0,&quot;eventtop_style&quot;:&quot;2&quot;,&quot;exp_jumper&quot;:&quot;no&quot;,&quot;exp_so&quot;:&quot;no&quot;,&quot;filter_relationship&quot;:&quot;AND&quot;,&quot;filter_show_set_only&quot;:&quot;no&quot;,&quot;filter_style&quot;:&quot;default&quot;,&quot;filter_type&quot;:&quot;default&quot;,&quot;filters&quot;:&quot;yes&quot;,&quot;fixed_month&quot;:&quot;9&quot;,&quot;fixed_year&quot;:&quot;2026&quot;,&quot;focus_end_date_range&quot;:&quot;1801436399&quot;,&quot;focus_start_date_range&quot;:&quot;1788213600&quot;,&quot;ft_event_priority&quot;:&quot;no&quot;,&quot;hide_arrows&quot;:&quot;no&quot;,&quot;hide_cancels&quot;:&quot;no&quot;,&quot;hide_empty_months&quot;:&quot;yes&quot;,&quot;hide_end_time&quot;:&quot;no&quot;,&quot;hide_et_dn&quot;:&quot;no&quot;,&quot;hide_et_extra&quot;:&quot;no&quot;,&quot;hide_et_tags&quot;:&quot;no&quot;,&quot;hide_et_tl&quot;:&quot;no&quot;,&quot;hide_ft&quot;:&quot;no&quot;,&quot;hide_ft_img&quot;:&quot;no&quot;,&quot;hide_month_headers&quot;:&quot;no&quot;,&quot;hide_mult_occur&quot;:&quot;no&quot;,&quot;hide_past&quot;:&quot;no&quot;,&quot;hide_past_by&quot;:&quot;ee&quot;,&quot;hide_so&quot;:&quot;no&quot;,&quot;ics&quot;:&quot;no&quot;,&quot;jumper&quot;:&quot;no&quot;,&quot;jumper_count&quot;:5,&quot;jumper_offset&quot;:&quot;0&quot;,&quot;lang&quot;:&quot;L2&quot;,&quot;layout_changer&quot;:&quot;no&quot;,&quot;livenow_bar&quot;:&quot;yes&quot;,&quot;mapformat&quot;:&quot;roadmap&quot;,&quot;mapiconurl&quot;:&quot;&quot;,&quot;maps_load&quot;:&quot;yes&quot;,&quot;mapscroll&quot;:&quot;true&quot;,&quot;mapzoom&quot;:&quot;18&quot;,&quot;members_only&quot;:&quot;no&quot;,&quot;ml_priority&quot;:&quot;no&quot;,&quot;ml_toend&quot;:&quot;no&quot;,&quot;month_incre&quot;:0,&quot;number_of_months&quot;:&quot;5&quot;,&quot;only_ft&quot;:&quot;no&quot;,&quot;pec&quot;:&quot;&quot;,&quot;s&quot;:&quot;&quot;,&quot;search&quot;:&quot;&quot;,&quot;search_all&quot;:&quot;no&quot;,&quot;sep_month&quot;:&quot;yes&quot;,&quot;show_et_ft_img&quot;:&quot;no&quot;,&quot;show_limit&quot;:&quot;no&quot;,&quot;show_limit_ajax&quot;:&quot;no&quot;,&quot;show_limit_paged&quot;:1,&quot;show_limit_redir&quot;:&quot;&quot;,&quot;show_repeats&quot;:&quot;no&quot;,&quot;show_search&quot;:&quot;no&quot;,&quot;show_upcoming&quot;:0,&quot;show_year&quot;:&quot;no&quot;,&quot;social_share&quot;:&quot;no&quot;,&quot;sort_by&quot;:&quot;sort_date&quot;,&quot;tile_bg&quot;:0,&quot;tile_bg_size&quot;:&quot;full&quot;,&quot;tile_count&quot;:2,&quot;tile_height&quot;:0,&quot;tile_style&quot;:0,&quot;tiles&quot;:&quot;no&quot;,&quot;ux_val&quot;:&quot;0&quot;,&quot;view_switcher&quot;:&quot;no&quot;,&quot;wpml_l1&quot;:&quot;&quot;,&quot;wpml_l2&quot;:&quot;&quot;,&quot;wpml_l3&quot;:&quot;&quot;,&quot;x_ids&quot;:&quot;&quot;,&quot;yl_priority&quot;:&quot;no&quot;,&quot;yl_toend&quot;:&quot;no&quot;,&quot;fixed_day&quot;:&quot;5&quot;,&quot;_cver&quot;:&quot;5.0.6&quot;}\" data-filter_data=\"[]\" data-nav_data=\"{&quot;month_title&quot;:&quot;&lt;p id=&#039;evcal_cur&#039; class=&#039;evo_month_title padr10&#039;&gt; settembre, 2026&lt;\\\/p&gt;&quot;,&quot;arrows&quot;:&quot;&lt;p class=&#039;evo_arrows&#039;&gt;\\r\\n\\t\\t\\t\\t\\t&lt;button id=&#039;evcal_prev&#039; class=&#039;evcal_arrows evcal_btn_prev evodfx evofx_jc_c evofx_ai_c&#039; aria-label=&#039;Previous Month&#039;&gt;&lt;i class=&#039;fa fa-chevron-left&#039; aria-hidden=&#039;true&#039;&gt;&lt;\\\/i&gt;&lt;\\\/button&gt;\\r\\n\\t\\t\\t\\t\\t&lt;button id=&#039;evcal_next&#039; class=&#039;evcal_arrows evo_arrow_next evcal_btn_next evodfx evofx_jc_c evofx_ai_c&#039; aria-label=&#039;Next Month&#039;&gt;&lt;i class=&#039;fa fa-chevron-right&#039; aria-hidden=&#039;true&#039;&gt;&lt;\\\/i&gt;&lt;\\\/button&gt;\\r\\n\\t\\t\\t\\t\\t&lt;\\\/p&gt;&quot;}\" data-od=\"{&quot;lang_no_events&quot;:&quot;No Events&quot;,&quot;cal_tz_offset&quot;:120,&quot;cal_tz&quot;:&quot;Europe\\\/Belgrade&quot;}\" ><\/div>\r\n\t\t \t\t<div class='evo_cal_events' data-events=\"\"><\/div>\r\n\t\t \t<\/div>\r\n\t\t\t\t\r\n\t\t\t\r\n\t\t\t\t\t\t<\/div><!-- EventON End -->\r\n\t\t\t\n\t\t\t\t<\/div>\n\t\t\t\t<\/div>\n\t\t\t\t\t<\/div>\n\t\t\t\t<\/div>\n\t\t<div class=\"elementor-element elementor-element-2f14051b e-flex e-con-boxed e-con e-parent\" data-id=\"2f14051b\" data-element_type=\"container\" data-e-type=\"container\">\n\t\t\t\t\t<div class=\"e-con-inner\">\n\t\t\t\t<div class=\"elementor-element elementor-element-683dac36 elementor-widget elementor-widget-text-editor\" data-id=\"683dac36\" data-element_type=\"widget\" data-e-type=\"widget\" data-widget_type=\"text-editor.default\">\n\t\t\t\t\t\t\t\t\t<h1>Eventi latino a Capodistria, Sesana e dintorni<\/h1><p>In questa pagina trovi gli eventi Soy Cubano: serate di salsa e bachata, feste, incontri, picnic e occasioni per ballare in un ambiente rilassato. Gli appuntamenti si svolgono soprattutto a Capodistria, Bertocchi, Sesana e nelle localit\u00e0 vicine, raggiungibili anche da Trieste e Opicina.<\/p><p>Gli eventi sono aperti agli allievi e, quando indicato, anche a principianti e visitatori. Apri la scheda dell\u2019evento per controllare data, luogo, orario, eventuale prenotazione e livello richiesto.<\/p><h2>Perch\u00e9 partecipare<\/h2><p>Una serata sociale permette di mettere in pratica ci\u00f2 che impari al corso, conoscere nuove persone e ascoltare musica latina in un contesto accogliente. Non sempre \u00e8 necessario un partner.<\/p><p>Consulta anche i <a href=\"https:\/\/soycubano.si\/it\/corsi-di-ballo-capodistria-sesana\/\">corsi di ballo<\/a> e gli <a href=\"https:\/\/soycubano.si\/it\/orari-corsi-di-ballo\/\">orari aggiornati<\/a>.<\/p>\t\t\t\t\t\t\t\t<\/div>\n\t\t\t\t\t<\/div>\n\t\t\t\t<\/div>\n\t\t\t\t<\/div>\n\t\t","protected":false},"excerpt":{"rendered":"<p>Eventi cubani in Slovenia: perch\u00e9 non dovresti perderti i nostri eventi? Ciao, sono Jos\u00e9 Garc\u00eda e sono qui per raccontarvi una delle mie pi\u00f9 grandi passioni: gli &#8220;eventi cubani in Slovenia&#8221;. Sono immerso in questa meravigliosa cultura da anni e ho partecipato a molti eventi che celebrano l&#8217;essenza di Cuba in questo angolo d&#8217;Europa. Oggi&#8230;<\/p>\n","protected":false},"author":1,"featured_media":0,"parent":0,"menu_order":0,"comment_status":"closed","ping_status":"closed","template":"","meta":{"footnotes":""},"class_list":["post-6024","page","type-page","status-publish","hentry"],"_links":{"self":[{"href":"https:\/\/soycubano.si\/it\/wp-json\/wp\/v2\/pages\/6024","targetHints":{"allow":["GET"]}}],"collection":[{"href":"https:\/\/soycubano.si\/it\/wp-json\/wp\/v2\/pages"}],"about":[{"href":"https:\/\/soycubano.si\/it\/wp-json\/wp\/v2\/types\/page"}],"author":[{"embeddable":true,"href":"https:\/\/soycubano.si\/it\/wp-json\/wp\/v2\/users\/1"}],"replies":[{"embeddable":true,"href":"https:\/\/soycubano.si\/it\/wp-json\/wp\/v2\/comments?post=6024"}],"version-history":[{"count":4,"href":"https:\/\/soycubano.si\/it\/wp-json\/wp\/v2\/pages\/6024\/revisions"}],"predecessor-version":[{"id":14770,"href":"https:\/\/soycubano.si\/it\/wp-json\/wp\/v2\/pages\/6024\/revisions\/14770"}],"wp:attachment":[{"href":"https:\/\/soycubano.si\/it\/wp-json\/wp\/v2\/media?parent=6024"}],"curies":[{"name":"wp","href":"https:\/\/api.w.org\/{rel}","templated":true}]}}